{"id":585,"date":"2024-07-02T20:37:43","date_gmt":"2024-07-02T20:37:43","guid":{"rendered":"https:\/\/scoutsonda163.org\/?page_id=585"},"modified":"2025-12-22T16:21:59","modified_gmt":"2025-12-22T16:21:59","slug":"inicio","status":"publish","type":"page","link":"https:\/\/scoutsonda163.org\/ca\/inicio\/","title":{"rendered":"INICI"},"content":{"rendered":"<div data-elementor-type=\"wp-page\" data-elementor-id=\"585\" class=\"elementor elementor-585\" data-elementor-post-type=\"page\">\n\t\t\t\t<div class=\"elementor-element elementor-element-141df6c e-flex e-con-boxed wpr-particle-no wpr-jarallax-no wpr-parallax-no wpr-sticky-section-no wpr-equal-height-no e-con e-parent\" data-id=\"141df6c\" data-element_type=\"container\" data-e-type=\"container\">\n\t\t\t\t\t<div class=\"e-con-inner\">\n\t\t\t\t<div class=\"elementor-element elementor-element-e2027e5 elementor-widget elementor-widget-heading\" data-id=\"e2027e5\" data-element_type=\"widget\" data-e-type=\"widget\" data-widget_type=\"heading.default\">\n\t\t\t\t<div class=\"elementor-widget-container\">\n\t\t\t\t\t<h2 class=\"elementor-heading-title elementor-size-default\">\ud83e\udee1 Hola! <\/h2>\t\t\t\t<\/div>\n\t\t\t\t<\/div>\n\t\t\t\t<div class=\"elementor-element elementor-element-818154a elementor-widget elementor-widget-text-editor\" data-id=\"818154a\" data-element_type=\"widget\" data-e-type=\"widget\" data-widget_type=\"text-editor.default\">\n\t\t\t\t<div class=\"elementor-widget-container\">\n\t\t\t\t\t\t\t\t\t<p>Som el Grup Scout Sant\u00edssim Salvador d'Onda 163, una associaci\u00f3 sense \u00e0nim de lucre de la localitat d'Onda (Castell\u00f3), que pertany a la federaci\u00f3 de Scouts Valencians i, per tant, a ASDE (Associacions de Scouts d'Espanya). La nostra associaci\u00f3 neix el 1971 i ha anat creixent i evolucionant fins als nostres dies.\u00a0<\/p>\t\t\t\t\t\t\t\t<\/div>\n\t\t\t\t<\/div>\n\t\t\t\t<div class=\"elementor-element elementor-element-f336afa elementor-widget elementor-widget-counter\" data-id=\"f336afa\" data-element_type=\"widget\" data-e-type=\"widget\" data-widget_type=\"counter.default\">\n\t\t\t\t<div class=\"elementor-widget-container\">\n\t\t\t\t\t\t\t<div class=\"elementor-counter\">\n\t\t\t<div class=\"elementor-counter-title\">!Scouts en nuestro grupo!<\/div>\t\t\t<div class=\"elementor-counter-number-wrapper\">\n\t\t\t\t<span class=\"elementor-counter-number-prefix\"><\/span>\n\t\t\t\t<span class=\"elementor-counter-number\" data-duration=\"2000\" data-to-value=\"149\" data-from-value=\"0\" data-delimiter=\",\">0<\/span>\n\t\t\t\t<span class=\"elementor-counter-number-suffix\"><\/span>\n\t\t\t<\/div>\n\t\t<\/div>\n\t\t\t\t\t\t<\/div>\n\t\t\t\t<\/div>\n\t\t\t\t<div class=\"elementor-element elementor-element-34335ec elementor-widget elementor-widget-heading\" data-id=\"34335ec\" data-element_type=\"widget\" data-e-type=\"widget\" data-widget_type=\"heading.default\">\n\t\t\t\t<div class=\"elementor-widget-container\">\n\t\t\t\t\t<h2 class=\"elementor-heading-title elementor-size-default\">Esdeveniments propers<\/h2>\t\t\t\t<\/div>\n\t\t\t\t<\/div>\n\t\t\t\t<div class=\"elementor-element elementor-element-759e4ea elementor-widget elementor-widget-shortcode\" data-id=\"759e4ea\" data-element_type=\"widget\" data-e-type=\"widget\" data-widget_type=\"shortcode.default\">\n\t\t\t\t<div class=\"elementor-widget-container\">\n\t\t\t\t\t\t\t<div class=\"elementor-shortcode\"><iframe src=\"https:\/\/calendar.google.com\/calendar\/embed?height=600&wkst=2&ctz=Europe%2FMadrid&showPrint=0&src=Y18yNTM2YzE1MWZkNTA3OThmYTBkNTM2ZDUzMjliYmZmYzJjNzM2NzAxMzZjYmUzYmI5ODc4NjZiODljMmFhZmExQGdyb3VwLmNhbGVuZGFyLmdvb2dsZS5jb20&color=%23795548\" style=\"border:solid 1px #777\" width=\"800\" height=\"600\" frameborder=\"0\" scrolling=\"no\"><\/iframe><\/div>\n\t\t\t\t\t\t<\/div>\n\t\t\t\t<\/div>\n\t\t\t\t\t<\/div>\n\t\t\t\t<\/div>\n\t\t<div class=\"elementor-element elementor-element-af9c56c e-flex e-con-boxed wpr-particle-no wpr-jarallax-no wpr-parallax-no wpr-sticky-section-no wpr-equal-height-no e-con e-parent\" data-id=\"af9c56c\" data-element_type=\"container\" data-e-type=\"container\" data-settings=\"{&quot;background_background&quot;:&quot;classic&quot;}\">\n\t\t\t\t\t<div class=\"e-con-inner\">\n\t\t<div class=\"elementor-element elementor-element-fad01e7 e-con-full e-flex wpr-particle-no wpr-jarallax-no wpr-parallax-no wpr-sticky-section-no wpr-equal-height-no e-con e-child\" data-id=\"fad01e7\" data-element_type=\"container\" data-e-type=\"container\">\n\t\t\t\t<div class=\"elementor-element elementor-element-92a08b3 elementor-widget elementor-widget-text-editor\" data-id=\"92a08b3\" data-element_type=\"widget\" data-e-type=\"widget\" data-widget_type=\"text-editor.default\">\n\t\t\t\t<div class=\"elementor-widget-container\">\n\t\t\t\t\t\t\t\t\t<p>El nostre grup compta amb la\u00a0<strong>Certificaci\u00f3 Kotik<\/strong> de seguretat en les activitats de lleure i lleure, que atorga l'Organitzaci\u00f3 Federada de Scouts Valencians a trav\u00e9s d'ASDE.<\/p>\t\t\t\t\t\t\t\t<\/div>\n\t\t\t\t<\/div>\n\t\t\t\t<\/div>\n\t\t<div class=\"elementor-element elementor-element-e2c9d5f e-con-full e-flex wpr-particle-no wpr-jarallax-no wpr-parallax-no wpr-sticky-section-no wpr-equal-height-no e-con e-child\" data-id=\"e2c9d5f\" data-element_type=\"container\" data-e-type=\"container\">\n\t\t\t\t<div class=\"elementor-element elementor-element-cadff1c elementor-widget elementor-widget-image\" data-id=\"cadff1c\" data-element_type=\"widget\" data-e-type=\"widget\" data-widget_type=\"image.default\">\n\t\t\t\t<div class=\"elementor-widget-container\">\n\t\t\t\t\t\t\t\t\t\t\t\t\t\t\t<img decoding=\"async\" width=\"150\" height=\"134\" src=\"https:\/\/scoutsonda163.org\/wp-content\/uploads\/2024\/07\/sello-kotik-e1721056301911.png\" class=\"attachment-large size-large wp-image-1118\" alt=\"\" \/>\t\t\t\t\t\t\t\t\t\t\t\t\t\t\t<\/div>\n\t\t\t\t<\/div>\n\t\t\t\t<\/div>\n\t\t<div class=\"elementor-element elementor-element-df12fa1 e-con-full e-flex wpr-particle-no wpr-jarallax-no wpr-parallax-no wpr-sticky-section-no wpr-equal-height-no e-con e-child\" data-id=\"df12fa1\" data-element_type=\"container\" data-e-type=\"container\">\n\t\t\t\t<div class=\"elementor-element elementor-element-e42b895 elementor-widget elementor-widget-image\" data-id=\"e42b895\" data-element_type=\"widget\" data-e-type=\"widget\" data-widget_type=\"image.default\">\n\t\t\t\t<div class=\"elementor-widget-container\">\n\t\t\t\t\t\t\t\t\t\t\t\t\t\t\t<img fetchpriority=\"high\" decoding=\"async\" width=\"341\" height=\"148\" src=\"https:\/\/scoutsonda163.org\/wp-content\/uploads\/2024\/07\/seny-onder.png\" class=\"attachment-large size-large wp-image-1119\" alt=\"\" srcset=\"https:\/\/scoutsonda163.org\/wp-content\/uploads\/2024\/07\/seny-onder.png 341w, https:\/\/scoutsonda163.org\/wp-content\/uploads\/2024\/07\/seny-onder-300x130.png 300w, https:\/\/scoutsonda163.org\/wp-content\/uploads\/2024\/07\/seny-onder-18x8.png 18w\" sizes=\"(max-width: 341px) 100vw, 341px\" \/>\t\t\t\t\t\t\t\t\t\t\t\t\t\t\t<\/div>\n\t\t\t\t<\/div>\n\t\t\t\t<\/div>\n\t\t<div class=\"elementor-element elementor-element-52d334a e-con-full e-flex wpr-particle-no wpr-jarallax-no wpr-parallax-no wpr-sticky-section-no wpr-equal-height-no e-con e-child\" data-id=\"52d334a\" data-element_type=\"container\" data-e-type=\"container\">\n\t\t\t\t<div class=\"elementor-element elementor-element-ca94087 elementor-widget elementor-widget-text-editor\" data-id=\"ca94087\" data-element_type=\"widget\" data-e-type=\"widget\" data-widget_type=\"text-editor.default\">\n\t\t\t\t<div class=\"elementor-widget-container\">\n\t\t\t\t\t\t\t\t\t<p>Tambi\u00e9n hemos sido galardonados con el \u00ab<b>Seny Onder<\/b>\u00bb que es un distintivo honor\u00edfico que se otorga a nivel corporativo a aquellos\/as ondenses, en reconocimiento de su trayectoria y su dedicaci\u00f3n social, y que supone un especial orgullo para la localidad y un ejemplo a seguir por parte de la ciudadan\u00eda.<\/p>\t\t\t\t\t\t\t\t<\/div>\n\t\t\t\t<\/div>\n\t\t\t\t<\/div>\n\t\t\t\t\t<\/div>\n\t\t\t\t<\/div>\n\t\t<div class=\"elementor-element elementor-element-f5d8ce4 e-flex e-con-boxed wpr-particle-no wpr-jarallax-no wpr-parallax-no wpr-sticky-section-no wpr-equal-height-no e-con e-parent\" data-id=\"f5d8ce4\" data-element_type=\"container\" data-e-type=\"container\">\n\t\t\t\t\t<div class=\"e-con-inner\">\n\t\t<div class=\"elementor-element elementor-element-f1f5690 e-con-full e-flex wpr-particle-no wpr-jarallax-no wpr-parallax-no wpr-sticky-section-no wpr-equal-height-no e-con e-child\" data-id=\"f1f5690\" data-element_type=\"container\" data-e-type=\"container\">\n\t\t\t\t<div class=\"elementor-element elementor-element-6ffef4e elementor-widget elementor-widget-text-editor\" data-id=\"6ffef4e\" data-element_type=\"widget\" data-e-type=\"widget\" data-widget_type=\"text-editor.default\">\n\t\t\t\t<div class=\"elementor-widget-container\">\n\t\t\t\t\t\t\t\t\t<h3>Entidades colaboradoras:<\/h3>\t\t\t\t\t\t\t\t<\/div>\n\t\t\t\t<\/div>\n\t\t\t\t<\/div>\n\t\t<div class=\"elementor-element elementor-element-edbf943 e-con-full e-flex wpr-particle-no wpr-jarallax-no wpr-parallax-no wpr-sticky-section-no wpr-equal-height-no e-con e-child\" data-id=\"edbf943\" data-element_type=\"container\" data-e-type=\"container\">\n\t\t<div class=\"elementor-element elementor-element-5661da4 e-con-full e-flex wpr-particle-no wpr-jarallax-no wpr-parallax-no wpr-sticky-section-no wpr-equal-height-no e-con e-child\" data-id=\"5661da4\" data-element_type=\"container\" data-e-type=\"container\">\n\t\t\t\t<div class=\"elementor-element elementor-element-8e7983f elementor-widget elementor-widget-image\" data-id=\"8e7983f\" data-element_type=\"widget\" data-e-type=\"widget\" data-widget_type=\"image.default\">\n\t\t\t\t<div class=\"elementor-widget-container\">\n\t\t\t\t\t\t\t\t\t\t\t\t\t\t\t<img decoding=\"async\" width=\"687\" height=\"308\" src=\"https:\/\/scoutsonda163.org\/wp-content\/uploads\/2024\/10\/logo-ajuntament.png\" class=\"attachment-large size-large wp-image-1299\" alt=\"\" srcset=\"https:\/\/scoutsonda163.org\/wp-content\/uploads\/2024\/10\/logo-ajuntament.png 687w, https:\/\/scoutsonda163.org\/wp-content\/uploads\/2024\/10\/logo-ajuntament-300x134.png 300w, https:\/\/scoutsonda163.org\/wp-content\/uploads\/2024\/10\/logo-ajuntament-18x8.png 18w, https:\/\/scoutsonda163.org\/wp-content\/uploads\/2024\/10\/logo-ajuntament-600x269.png 600w\" sizes=\"(max-width: 687px) 100vw, 687px\" \/>\t\t\t\t\t\t\t\t\t\t\t\t\t\t\t<\/div>\n\t\t\t\t<\/div>\n\t\t\t\t<\/div>\n\t\t<div class=\"elementor-element elementor-element-efb4903 e-con-full e-flex wpr-particle-no wpr-jarallax-no wpr-parallax-no wpr-sticky-section-no wpr-equal-height-no e-con e-child\" data-id=\"efb4903\" data-element_type=\"container\" data-e-type=\"container\">\n\t\t\t\t<div class=\"elementor-element elementor-element-66b94db elementor-widget elementor-widget-image\" data-id=\"66b94db\" data-element_type=\"widget\" data-e-type=\"widget\" data-widget_type=\"image.default\">\n\t\t\t\t<div class=\"elementor-widget-container\">\n\t\t\t\t\t\t\t\t\t\t\t\t\t\t\t<img loading=\"lazy\" decoding=\"async\" width=\"705\" height=\"374\" src=\"https:\/\/scoutsonda163.org\/wp-content\/uploads\/2024\/10\/LOGO-CAIXA-RURAL.png\" class=\"attachment-large size-large wp-image-1300\" alt=\"\" srcset=\"https:\/\/scoutsonda163.org\/wp-content\/uploads\/2024\/10\/LOGO-CAIXA-RURAL.png 705w, https:\/\/scoutsonda163.org\/wp-content\/uploads\/2024\/10\/LOGO-CAIXA-RURAL-300x159.png 300w, https:\/\/scoutsonda163.org\/wp-content\/uploads\/2024\/10\/LOGO-CAIXA-RURAL-18x10.png 18w, https:\/\/scoutsonda163.org\/wp-content\/uploads\/2024\/10\/LOGO-CAIXA-RURAL-600x318.png 600w\" sizes=\"(max-width: 705px) 100vw, 705px\" \/>\t\t\t\t\t\t\t\t\t\t\t\t\t\t\t<\/div>\n\t\t\t\t<\/div>\n\t\t\t\t<\/div>\n\t\t\t\t<\/div>\n\t\t\t\t\t<\/div>\n\t\t\t\t<\/div>\n\t\t<div class=\"elementor-element elementor-element-2cf9ea9 e-flex e-con-boxed wpr-particle-no wpr-jarallax-no wpr-parallax-no wpr-sticky-section-no wpr-equal-height-no e-con e-parent\" data-id=\"2cf9ea9\" data-element_type=\"container\" data-e-type=\"container\">\n\t\t\t\t\t<div class=\"e-con-inner\">\n\t\t\t\t<div class=\"elementor-element elementor-element-0e9ab1c elementor-widget-divider--separator-type-pattern elementor-widget-divider--no-spacing elementor-widget-divider--view-line elementor-widget elementor-widget-divider\" data-id=\"0e9ab1c\" data-element_type=\"widget\" data-e-type=\"widget\" data-widget_type=\"divider.default\">\n\t\t\t\t<div class=\"elementor-widget-container\">\n\t\t\t\t\t\t\t<div class=\"elementor-divider\" style=\"--divider-pattern-url: url(&quot;data:image\/svg+xml,%3Csvg xmlns=&#039;http:\/\/www.w3.org\/2000\/svg&#039; preserveAspectRatio=&#039;xMidYMid meet&#039; overflow=&#039;visible&#039; height=&#039;100%&#039; viewBox=&#039;0 0 126 26&#039; fill=&#039;black&#039; stroke=&#039;none&#039;%3E%3Cpath d=&#039;M3,10.2c2.6,0,2.6,2,2.6,3.2S4.4,16.5,3,16.5s-3-1.4-3-3.2S0.4,10.2,3,10.2z M18.8,10.2c1.7,0,3.2,1.4,3.2,3.2s-1.4,3.2-3.2,3.2c-1.7,0-3.2-1.4-3.2-3.2S17,10.2,18.8,10.2z M34.6,10.2c1.5,0,2.6,1.4,2.6,3.2s-0.5,3.2-1.9,3.2c-1.5,0-3.4-1.4-3.4-3.2S33.1,10.2,34.6,10.2z M50.5,10.2c1.7,0,3.2,1.4,3.2,3.2s-1.4,3.2-3.2,3.2c-1.7,0-3.3-0.9-3.3-2.6S48.7,10.2,50.5,10.2z M66.2,10.2c1.5,0,3.4,1.4,3.4,3.2s-1.9,3.2-3.4,3.2c-1.5,0-2.6-0.4-2.6-2.1S64.8,10.2,66.2,10.2z M82.2,10.2c1.7,0.8,2.6,1.4,2.6,3.2s-0.1,3.2-1.6,3.2c-1.5,0-3.7-1.4-3.7-3.2S80.5,9.4,82.2,10.2zM98.6,10.2c1.5,0,2.6,0.4,2.6,2.1s-1.2,4.2-2.6,4.2c-1.5,0-3.7-0.4-3.7-2.1S97.1,10.2,98.6,10.2z M113.4,10.2c1.2,0,2.2,0.9,2.2,3.2s-0.1,3.2-1.3,3.2s-3.1-1.4-3.1-3.2S112.2,10.2,113.4,10.2z&#039;\/%3E%3C\/svg%3E&quot;);\">\n\t\t\t<span class=\"elementor-divider-separator\">\n\t\t\t\t\t\t<\/span>\n\t\t<\/div>\n\t\t\t\t\t\t<\/div>\n\t\t\t\t<\/div>\n\t\t\t\t<div class=\"elementor-element elementor-element-e260373 elementor-widget elementor-widget-heading\" data-id=\"e260373\" data-element_type=\"widget\" data-e-type=\"widget\" data-widget_type=\"heading.default\">\n\t\t\t\t<div class=\"elementor-widget-container\">\n\t\t\t\t\t<h2 class=\"elementor-heading-title elementor-size-default\">No t'oblidis de llegir:<\/h2>\t\t\t\t<\/div>\n\t\t\t\t<\/div>\n\t\t\t\t<div class=\"elementor-element elementor-element-0874777 elementor-widget elementor-widget-wpr-magazine-grid\" data-id=\"0874777\" data-element_type=\"widget\" data-e-type=\"widget\" data-widget_type=\"wpr-magazine-grid.default\">\n\t\t\t\t<div class=\"elementor-widget-container\">\n\t\t\t\t\t<div class=\"wpr-magazine-grid-wrap\"  data-slide-effect=\"\"><section class=\"wpr-magazine-grid wpr-mgzn-grid-1-1-3 wpr-mgzn-grid-rows-1\"><h2>No Posts Found!<\/h2><\/section><\/div>\t\t\t\t<\/div>\n\t\t\t\t<\/div>\n\t\t\t\t\t<\/div>\n\t\t\t\t<\/div>\n\t\t\t\t<\/div>","protected":false},"excerpt":{"rendered":"<p>\ud83e\udee1 \u00a1Hola! Somos el Grup Scout Sant\u00edssim Salvador 163, una asociaci\u00f3n sin \u00e1nimo de lucro de la localidad de Onda (Castell\u00f3n), que pertenece a la federaci\u00f3n de Scouts Valencians y, por lo tanto, a ASDE (Asociaciones de Scouts de Espa\u00f1a). Nuestra asociaci\u00f3n nace en 1971 y ha ido creciendo y evolucionando hasta nuestros d\u00edas.\u00a0 !Scouts en nuestro grupo! 0 Eventos cercanos Nuestro grupo cuenta con la\u00a0Certificaci\u00f3n Kotik de seguridad en las actividades de ocio y tiempo libre, que otorga la Organizaci\u00f3n Federada de Scouts Valencians a trav\u00e9s de ASDE. Tambi\u00e9n hemos sido galardonados con el \u00abSeny Onder\u00bb que es un distintivo honor\u00edfico que se otorga a nivel corporativo a aquellos\/as ondenses, en reconocimiento de su trayectoria y su dedicaci\u00f3n social, y que supone un especial orgullo para la localidad y un ejemplo a seguir por parte de la ciudadan\u00eda. Entidades colaboradoras: No te olvides de leer: Uncategorized Elementor #1381 info@scoutsonda163.orgdiciembre 22, 2025 Uncategorized Elementor #1380 info@scoutsonda163.orgdiciembre 22, 2025 Uncategorized Elementor #1309 info@scoutsonda163.orgenero 17, 2025<\/p>","protected":false},"author":1,"featured_media":990,"parent":0,"menu_order":0,"comment_status":"closed","ping_status":"closed","template":"","meta":{"_themeisle_gutenberg_block_has_review":false,"footnotes":""},"class_list":["post-585","page","type-page","status-publish","has-post-thumbnail","hentry"],"jetpack_sharing_enabled":true,"_links":{"self":[{"href":"https:\/\/scoutsonda163.org\/ca\/wp-json\/wp\/v2\/pages\/585","targetHints":{"allow":["GET"]}}],"collection":[{"href":"https:\/\/scoutsonda163.org\/ca\/wp-json\/wp\/v2\/pages"}],"about":[{"href":"https:\/\/scoutsonda163.org\/ca\/wp-json\/wp\/v2\/types\/page"}],"author":[{"embeddable":true,"href":"https:\/\/scoutsonda163.org\/ca\/wp-json\/wp\/v2\/users\/1"}],"replies":[{"embeddable":true,"href":"https:\/\/scoutsonda163.org\/ca\/wp-json\/wp\/v2\/comments?post=585"}],"version-history":[{"count":142,"href":"https:\/\/scoutsonda163.org\/ca\/wp-json\/wp\/v2\/pages\/585\/revisions"}],"predecessor-version":[{"id":1389,"href":"https:\/\/scoutsonda163.org\/ca\/wp-json\/wp\/v2\/pages\/585\/revisions\/1389"}],"wp:featuredmedia":[{"embeddable":true,"href":"https:\/\/scoutsonda163.org\/ca\/wp-json\/wp\/v2\/media\/990"}],"wp:attachment":[{"href":"https:\/\/scoutsonda163.org\/ca\/wp-json\/wp\/v2\/media?parent=585"}],"curies":[{"name":"wp","href":"https:\/\/api.w.org\/{rel}","templated":true}]}}